{"version":"1.0","provider_name":"UNIVERSIT\u00c9 LE HAVRE NORMANDIE - ULHN","provider_url":"https:\/\/www.univ-lehavre.fr\/fr\/","title":"R\u00e9trospective \"Filmer la danse\" - UNIVERSIT\u00c9 LE HAVRE NORMANDIE - ULHN","type":"rich","width":600,"height":338,"html":"<blockquote class=\"wp-embedded-content\" data-secret=\"b5eBBJzwSI\"><a href=\"https:\/\/www.univ-lehavre.fr\/fr\/actualites\/agenda-actualites\/retrospective-filmer-la-danse\/\">R\u00e9trospective \u00ab\u00a0Filmer la danse\u00a0\u00bb<\/a><\/blockquote><iframe sandbox=\"allow-scripts\" security=\"restricted\" src=\"https:\/\/www.univ-lehavre.fr\/fr\/actualites\/agenda-actualites\/retrospective-filmer-la-danse\/embed\/#?secret=b5eBBJzwSI\" width=\"600\" height=\"338\" title=\"\u00ab\u00a0R\u00e9trospective \u00ab\u00a0Filmer la danse\u00a0\u00bb\u00a0\u00bb &#8212; UNIVERSIT\u00c9 LE HAVRE NORMANDIE - ULHN\" data-secret=\"b5eBBJzwSI\" frameborder=\"0\" marginwidth=\"0\" marginheight=\"0\" scrolling=\"no\" class=\"wp-embedded-content\"><\/iframe><script type=\"text\/javascript\">\n\/* <![CDATA[ *\/\n\/*! This file is auto-generated *\/\n!function(d,l){\"use strict\";l.querySelector&&d.addEventListener&&\"undefined\"!=typeof URL&&(d.wp=d.wp||{},d.wp.receiveEmbedMessage||(d.wp.receiveEmbedMessage=function(e){var t=e.data;if((t||t.secret||t.message||t.value)&&!\/[^a-zA-Z0-9]\/.test(t.secret)){for(var s,r,n,a=l.querySelectorAll('iframe[data-secret=\"'+t.secret+'\"]'),o=l.querySelectorAll('blockquote[data-secret=\"'+t.secret+'\"]'),c=new RegExp(\"^https?:$\",\"i\"),i=0;i<o.length;i++)o[i].style.display=\"none\";for(i=0;i<a.length;i++)s=a[i],e.source===s.contentWindow&&(s.removeAttribute(\"style\"),\"height\"===t.message?(1e3<(r=parseInt(t.value,10))?r=1e3:~~r<200&&(r=200),s.height=r):\"link\"===t.message&&(r=new URL(s.getAttribute(\"src\")),n=new URL(t.value),c.test(n.protocol))&&n.host===r.host&&l.activeElement===s&&(d.top.location.href=t.value))}},d.addEventListener(\"message\",d.wp.receiveEmbedMessage,!1),l.addEventListener(\"DOMContentLoaded\",function(){for(var e,t,s=l.querySelectorAll(\"iframe.wp-embedded-content\"),r=0;r<s.length;r++)(t=(e=s[r]).getAttribute(\"data-secret\"))||(t=Math.random().toString(36).substring(2,12),e.src+=\"#?secret=\"+t,e.setAttribute(\"data-secret\",t)),e.contentWindow.postMessage({message:\"ready\",secret:t},\"*\")},!1)))}(window,document);\n\/* ]]> *\/\n<\/script>\n","thumbnail_url":"https:\/\/www.univ-lehavre.fr\/wp-content\/uploads\/2025\/11\/Filmer-la-danse.png","thumbnail_width":1000,"thumbnail_height":1000,"description":"L\u2019Universit\u00e9 Le Havre Normandie \u00e0 travers son service culturel s\u2019associe au Phare, Centre chor\u00e9graphique national du Havre Normandie, et c\u00e9l\u00e8bre la cr\u00e9ation chor\u00e9graphique \u00e0 l\u2019occasion du festival Plein Phare In. Ainsi, le 21 et le 28 novembre prochain, deux rendez-vous exceptionnel est propos\u00e9 \u00e0 la communaut\u00e9 universitaire et au grand public notamment avec la projection..."}