{"version":"1.0","provider_name":"UNIVERSIT\u00c9 LE HAVRE NORMANDIE - ULHN","provider_url":"https:\/\/www.univ-lehavre.fr\/fr\/","title":"S\u00e9minaire - Langage et normes - UNIVERSIT\u00c9 LE HAVRE NORMANDIE - ULHN","type":"rich","width":600,"height":338,"html":"<blockquote class=\"wp-embedded-content\" data-secret=\"vDA03RWDWv\"><a href=\"https:\/\/www.univ-lehavre.fr\/fr\/actualites\/recherche-actualites\/seminaire-langage-et-normes\/\">S\u00e9minaire &#8211; Langage et normes<\/a><\/blockquote><iframe sandbox=\"allow-scripts\" security=\"restricted\" src=\"https:\/\/www.univ-lehavre.fr\/fr\/actualites\/recherche-actualites\/seminaire-langage-et-normes\/embed\/#?secret=vDA03RWDWv\" width=\"600\" height=\"338\" title=\"\u00ab\u00a0S\u00e9minaire &#8211; Langage et normes\u00a0\u00bb &#8212; UNIVERSIT\u00c9 LE HAVRE NORMANDIE - ULHN\" data-secret=\"vDA03RWDWv\" frameborder=\"0\" marginwidth=\"0\" marginheight=\"0\" scrolling=\"no\" class=\"wp-embedded-content\"><\/iframe><script type=\"text\/javascript\">\n\/* <![CDATA[ *\/\n\/*! This file is auto-generated *\/\n!function(d,l){\"use strict\";l.querySelector&&d.addEventListener&&\"undefined\"!=typeof URL&&(d.wp=d.wp||{},d.wp.receiveEmbedMessage||(d.wp.receiveEmbedMessage=function(e){var t=e.data;if((t||t.secret||t.message||t.value)&&!\/[^a-zA-Z0-9]\/.test(t.secret)){for(var s,r,n,a=l.querySelectorAll('iframe[data-secret=\"'+t.secret+'\"]'),o=l.querySelectorAll('blockquote[data-secret=\"'+t.secret+'\"]'),c=new RegExp(\"^https?:$\",\"i\"),i=0;i<o.length;i++)o[i].style.display=\"none\";for(i=0;i<a.length;i++)s=a[i],e.source===s.contentWindow&&(s.removeAttribute(\"style\"),\"height\"===t.message?(1e3<(r=parseInt(t.value,10))?r=1e3:~~r<200&&(r=200),s.height=r):\"link\"===t.message&&(r=new URL(s.getAttribute(\"src\")),n=new URL(t.value),c.test(n.protocol))&&n.host===r.host&&l.activeElement===s&&(d.top.location.href=t.value))}},d.addEventListener(\"message\",d.wp.receiveEmbedMessage,!1),l.addEventListener(\"DOMContentLoaded\",function(){for(var e,t,s=l.querySelectorAll(\"iframe.wp-embedded-content\"),r=0;r<s.length;r++)(t=(e=s[r]).getAttribute(\"data-secret\"))||(t=Math.random().toString(36).substring(2,12),e.src+=\"#?secret=\"+t,e.setAttribute(\"data-secret\",t)),e.contentWindow.postMessage({message:\"ready\",secret:t},\"*\")},!1)))}(window,document);\n\/* ]]> *\/\n<\/script>\n","thumbnail_url":"https:\/\/www.univ-lehavre.fr\/wp-content\/uploads\/2022\/12\/arton3641.jpg","thumbnail_width":231,"thumbnail_height":224,"description":"Le s\u00e9minaire \"Le langage et les normes\" se d\u00e9roulera le vendredi 18 mars 2022 \u00e0 l'universit\u00e9 Le Havre Normandie en salle Madeleine de Scud\u00e9ry du PRSH. Il \u00e9tudiera le r\u00f4le du langage en mati\u00e8re de normes."}